{"id":49,"date":"2015-06-03T19:11:55","date_gmt":"2015-06-03T17:11:55","guid":{"rendered":"http:\/\/medienverein.org\/stadtrundgang\/?page_id=49"},"modified":"2021-07-28T11:09:47","modified_gmt":"2021-07-28T09:09:47","slug":"siebenteufelsturm","status":"publish","type":"page","link":"https:\/\/medienverein.org\/stadtrundgang\/siebenteufelsturm\/","title":{"rendered":"8. Siebenteufelsturm"},"content":{"rendered":"\n<div class=\"wp-block-image\"><figure class=\"aligncenter is-resized\"><a href=\"http:\/\/medienverein.org\/stadtrundgang\/wp-content\/uploads\/2015\/06\/Bild4.jpg\"><img loading=\"lazy\" decoding=\"async\" src=\"http:\/\/medienverein.org\/stadtrundgang\/wp-content\/uploads\/2015\/06\/Bild4-300x226.jpg\" alt=\"Bild4\" class=\"wp-image-130\" width=\"558\" height=\"420\" srcset=\"https:\/\/medienverein.org\/stadtrundgang\/wp-content\/uploads\/2015\/06\/Bild4-300x226.jpg 300w, https:\/\/medienverein.org\/stadtrundgang\/wp-content\/uploads\/2015\/06\/Bild4-1024x773.jpg 1024w, https:\/\/medienverein.org\/stadtrundgang\/wp-content\/uploads\/2015\/06\/Bild4.jpg 1340w\" sizes=\"auto, (max-width: 558px) 100vw, 558px\" \/><\/a><\/figure><\/div>\n\n\n\n<figure class=\"wp-block-audio\"><audio controls src=\"http:\/\/medienverein.org\/stadtrundgang\/wp-content\/uploads\/2015\/06\/PODCAST.Siebenteufelsturm.mp3\"><\/audio><\/figure>\n\n\n\n<p class=\"has-text-align-center\"><span style=\"font-family: Georgia,serif;\"><span style=\"font-size: medium;\">Die Stadt wie wir sie heute kennen, gab es im Mittelalter nicht. Wenn man vor dem Jahre 1289 von au\u00dferhalb auf Haltern blickte, sah man nur einen Holz-Erde-Wall.<\/span><\/span><\/p>\n\n\n\n<p class=\"has-text-align-center\"><span style=\"font-family: Georgia,serif;\"><span style=\"font-size: medium;\">Nachdem Haltern die Stadtrechte vom Bischof von M\u00fcnster erhalten hatte, wurde die erste Befestigung gebaut. In der Stadtgr\u00fcndungsurkunde schrieb der Bischof: \u201eDurch Gottes Gnade Bischof der m\u00fcnsterischen Kirche (wollen wir) unser Dorf Haltern (\u2026), das h\u00e4ufig den Einf\u00e4llen von Feinden unterlag, (\u2026) zu befestigen w\u00fcnschen, zum gemeinsamen Nutzen aller, die dort ihre Zuflucht nehmen wollen und einen Wohnsitz suchen (\u2026).<\/span><\/span><\/p>\n\n\n\n<p class=\"has-text-align-center\"><span style=\"font-family: Georgia,serif;\"><span style=\"font-size: medium;\">In den folgenden Jahrhunderten wurde die Stadtmauer mehrfach um- und ausgebaut. 1502 wurde der Siebenteufelsturm, einer der drei Wehrt\u00fcrme im Mauerring errichtet. Die Stadtmauer mu\u00dfte nat\u00fcrlich auch etlichen Kriegssituationen standhalten. W\u00e4hrend des Drei\u00dfigj\u00e4hrigen Krieges trug die Mauer mehrfach Sch\u00e4den davon und wurde wieder aufger\u00fcstet.<\/span><\/span><\/p>\n\n\n\n<p class=\"has-text-align-center\"><span style=\"font-family: Georgia,serif;\"><span style=\"font-size: medium;\">Weil die hohen Kriegsschulden nicht getilgt werden konnten und die Mauer kriegstechnisch bedeutungslos geworden war wurde sie ab 1765 abgebrochen und verkauft. Nach der Mauer sollten auch Grabenteile, Tore und T\u00fcrme folgen.<\/span><\/span><\/p>\n\n\n\n<p class=\"has-text-align-center\"><span style=\"font-family: Georgia,serif;\"><span style=\"font-size: medium;\">1819 beschlo\u00df die Provinzregierung in M\u00fcnster die Mauer endg\u00fcltig abzurei\u00dfen und verkaufte die Steine an die B\u00fcrger Halterns, die sie im Haus- und Stra\u00dfenbau verwendeten. Nur der Siebenteufelsturm, auch \u201eDicker Turm\u201c genannt ist bis heute stehen geblieben.<\/span><\/span><\/p>\n\n\n\n<p class=\"has-text-align-center\"><span style=\"font-family: Georgia,serif;\"><span style=\"font-size: medium;\">Der Turm ist aus Ziegeln gebaut. In ca. 3 Metern H\u00f6he befindet sich eine alte T\u00fcr\u00f6ffnung mit Sandsteinrahmung. Dies entspricht der H\u00f6he des Wehrganges auf der Stadtmauer. Weiter oberhalb befinden sich im Mauerwerk mehrere Schie\u00dfscharten. Sein Ziegeldach erhielt der Turm erst wieder nach dem Zweiten Weltkrieg, damit er gegen Witterungssch\u00e4den gesch\u00fctzt ist. Seit dem 19. Jahrhundert fehlte das Dach.<\/span><\/span><\/p>\n\n\n\n<p class=\"has-text-align-center\"><span style=\"font-family: Georgia,serif;\"><span style=\"font-size: medium;\">Die Turmspitze ziert heute eine Wetterfahne mit Darstellung des Stadtwappens von Haltern und den Jahreszahlen 1502 und 1952. Seit 1996 wird der Turm bei der Aktion \u201eLichtzeichen\u201c angestrahlt.Der Teich neben dem Siebenteufelsturm erinnert an den fr\u00fcheren Stadtgraben.<\/span><\/span><\/p>\n\n\n\n<p class=\"has-text-align-center\"><strong><span style=\"font-family: Georgia,serif;\"><span style=\"font-size: medium;\">Dieser Podcast wurde von Milena Sado, Hannah Br\u00fcninghoff und Lisa Rotterdam im Grundkurs Geschichte der Jahrgangsstufe 12 des Joseph-K\u00f6nig-Gymnasium Haltern am See im Schuljahr 2014\/15 verfasst.<\/span><\/span><\/strong><\/p>\n\n\n\n<p>N\u00e4chster Punkt:<br><iframe loading=\"lazy\" style=\"border: 0;\" src=\"https:\/\/www.google.com\/maps\/embed?pb=!1m18!1m12!1m3!1d638.0560669725725!2d7.183274984159549!3d51.742789857642876!2m3!1f0!2f0!3f0!3m2!1i1024!2i768!4f13.1!3m3!1m2!1s0x0%3A0x0!2zNTHCsDQ0JzM0LjAiTiA3wrAxMScwMS44IkU!5e1!3m2!1sde!2sus!4v1500131452210\" allowfullscreen=\"allowfullscreen\" width=\"600\" height=\"450\" frameborder=\"0\"><\/iframe><\/p>\n","protected":false},"excerpt":{"rendered":"<p>Die Stadt wie wir sie heute kennen, gab es im Mittelalter nicht. Wenn man vor dem Jahre 1289 von au\u00dferhalb auf Haltern blickte, sah man nur einen Holz-Erde-Wall. Nachdem Haltern die Stadtrechte vom Bischof von M\u00fcnster erhalten hatte, wurde die erste Befestigung gebaut. In der Stadtgr\u00fcndungsurkunde schrieb der Bischof: \u201eDurch Gottes Gnade Bischof der m\u00fcnsterischen &hellip; <a href=\"https:\/\/medienverein.org\/stadtrundgang\/siebenteufelsturm\/\" class=\"more-link\"><span class=\"screen-reader-text\">8. Siebenteufelsturm<\/span> weiterlesen<\/a><\/p>\n","protected":false},"author":2,"featured_media":0,"parent":0,"menu_order":8,"comment_status":"open","ping_status":"closed","template":"","meta":{"footnotes":""},"class_list":["post-49","page","type-page","status-publish","hentry"],"_links":{"self":[{"href":"https:\/\/medienverein.org\/stadtrundgang\/wp-json\/wp\/v2\/pages\/49","targetHints":{"allow":["GET"]}}],"collection":[{"href":"https:\/\/medienverein.org\/stadtrundgang\/wp-json\/wp\/v2\/pages"}],"about":[{"href":"https:\/\/medienverein.org\/stadtrundgang\/wp-json\/wp\/v2\/types\/page"}],"author":[{"embeddable":true,"href":"https:\/\/medienverein.org\/stadtrundgang\/wp-json\/wp\/v2\/users\/2"}],"replies":[{"embeddable":true,"href":"https:\/\/medienverein.org\/stadtrundgang\/wp-json\/wp\/v2\/comments?post=49"}],"version-history":[{"count":7,"href":"https:\/\/medienverein.org\/stadtrundgang\/wp-json\/wp\/v2\/pages\/49\/revisions"}],"predecessor-version":[{"id":314,"href":"https:\/\/medienverein.org\/stadtrundgang\/wp-json\/wp\/v2\/pages\/49\/revisions\/314"}],"wp:attachment":[{"href":"https:\/\/medienverein.org\/stadtrundgang\/wp-json\/wp\/v2\/media?parent=49"}],"curies":[{"name":"wp","href":"https:\/\/api.w.org\/{rel}","templated":true}]}}