{"id":41,"date":"2015-06-03T19:04:26","date_gmt":"2015-06-03T17:04:26","guid":{"rendered":"http:\/\/medienverein.org\/stadtrundgang\/?page_id=41"},"modified":"2021-07-28T11:09:15","modified_gmt":"2021-07-28T09:09:15","slug":"lohmaennken","status":"publish","type":"page","link":"https:\/\/medienverein.org\/stadtrundgang\/lohmaennken\/","title":{"rendered":"4. Lohm\u00e4nnken"},"content":{"rendered":"\n<div class=\"wp-block-image\"><figure class=\"aligncenter\"><a href=\"http:\/\/medienverein.org\/stadtrundgang\/wp-content\/uploads\/2015\/06\/Bild16.jpg\"><img loading=\"lazy\" decoding=\"async\" width=\"300\" height=\"295\" src=\"http:\/\/medienverein.org\/stadtrundgang\/wp-content\/uploads\/2015\/06\/Bild16-300x295.jpg\" alt=\"Bild16\" class=\"wp-image-154\" srcset=\"https:\/\/medienverein.org\/stadtrundgang\/wp-content\/uploads\/2015\/06\/Bild16-300x295.jpg 300w, https:\/\/medienverein.org\/stadtrundgang\/wp-content\/uploads\/2015\/06\/Bild16.jpg 767w\" sizes=\"auto, (max-width: 300px) 100vw, 300px\" \/><\/a><\/figure><\/div>\n\n\n\n<figure class=\"wp-block-audio\"><audio controls src=\"http:\/\/medienverein.org\/stadtrundgang\/wp-content\/uploads\/2015\/06\/PODCAST.Lohm\u00e4nnchen.mp3\"><\/audio><\/figure>\n\n\n\n<p class=\"has-text-align-center\">Sagenumwobene Figur aus Haltern am See. Die Figur des niederl\u00e4ndischen K\u00fcnstlers te Kulve wurde im Mai 2001 von der Halterner CDU-Seniorenvereinigung gestiftet.<\/p>\n\n\n\n<p>N\u00e4chster Punkt:<br><iframe loading=\"lazy\" style=\"border: 0;\" src=\"https:\/\/www.google.com\/maps\/embed?pb=!1m18!1m12!1m3!1d2470.2912989890074!2d7.177982615615539!3d51.74599670105092!2m3!1f0!2f0!3f0!3m2!1i1024!2i768!4f13.1!3m3!1m2!1s0x47b8f93c44548149%3A0x8b3a5524f99849d6!2sErl%C3%B6serkirche!5e0!3m2!1sde!2sus!4v1500130986718\" allowfullscreen=\"allowfullscreen\" width=\"600\" height=\"450\" frameborder=\"0\"><\/iframe><\/p>\n","protected":false},"excerpt":{"rendered":"<p>Sagenumwobene Figur aus Haltern am See. Die Figur des niederl\u00e4ndischen K\u00fcnstlers te Kulve wurde im Mai 2001 von der Halterner CDU-Seniorenvereinigung gestiftet. N\u00e4chster Punkt:<\/p>\n","protected":false},"author":2,"featured_media":0,"parent":0,"menu_order":4,"comment_status":"open","ping_status":"closed","template":"","meta":{"footnotes":""},"class_list":["post-41","page","type-page","status-publish","hentry"],"_links":{"self":[{"href":"https:\/\/medienverein.org\/stadtrundgang\/wp-json\/wp\/v2\/pages\/41","targetHints":{"allow":["GET"]}}],"collection":[{"href":"https:\/\/medienverein.org\/stadtrundgang\/wp-json\/wp\/v2\/pages"}],"about":[{"href":"https:\/\/medienverein.org\/stadtrundgang\/wp-json\/wp\/v2\/types\/page"}],"author":[{"embeddable":true,"href":"https:\/\/medienverein.org\/stadtrundgang\/wp-json\/wp\/v2\/users\/2"}],"replies":[{"embeddable":true,"href":"https:\/\/medienverein.org\/stadtrundgang\/wp-json\/wp\/v2\/comments?post=41"}],"version-history":[{"count":9,"href":"https:\/\/medienverein.org\/stadtrundgang\/wp-json\/wp\/v2\/pages\/41\/revisions"}],"predecessor-version":[{"id":310,"href":"https:\/\/medienverein.org\/stadtrundgang\/wp-json\/wp\/v2\/pages\/41\/revisions\/310"}],"wp:attachment":[{"href":"https:\/\/medienverein.org\/stadtrundgang\/wp-json\/wp\/v2\/media?parent=41"}],"curies":[{"name":"wp","href":"https:\/\/api.w.org\/{rel}","templated":true}]}}